{"id":1258,"date":"2024-06-05T14:52:43","date_gmt":"2024-06-05T14:52:43","guid":{"rendered":"https:\/\/www.lipsie.com\/it\/risorse-traduzioni\/?post_type=glossari&#038;p=1258"},"modified":"2024-06-05T15:00:32","modified_gmt":"2024-06-05T15:00:32","slug":"glossario-disbilita-inclusivita-italiano-francese","status":"publish","type":"glossari","link":"https:\/\/www.lipsie.com\/it\/risorse-traduzioni\/glossari\/glossario-disbilita-inclusivita-italiano-francese\/","title":{"rendered":"Glossario sulla disabilit\u00e0 e l&#8217;inclusivit\u00e0, italiano-francese"},"content":{"rendered":"\n<table id=\"tablepress-93\" class=\"tablepress tablepress-id-93\">\n<thead>\n<tr class=\"row-1\">\n\t<th class=\"column-1\">Italiano<\/th><th class=\"column-2\">Francese<\/th>\n<\/tr>\n<\/thead>\n<tbody class=\"row-striping row-hover\">\n<tr class=\"row-2\">\n\t<td class=\"column-1\">abilitazione<\/td><td class=\"column-2\">habilitation<\/td>\n<\/tr>\n<tr class=\"row-3\">\n\t<td class=\"column-1\">accessibilit\u00e0<\/td><td class=\"column-2\">accessibilit\u00e9<\/td>\n<\/tr>\n<tr class=\"row-4\">\n\t<td class=\"column-1\">accomodamento ragionevole (convenzione dell&#8217;ONU, all\u2019art. 1)<\/td><td class=\"column-2\">am\u00e9nagements raisonnables (convention des Nations unies, article 1)<\/td>\n<\/tr>\n<tr class=\"row-5\">\n\t<td class=\"column-1\">agenda ONU 2030 <\/td><td class=\"column-2\">agenda 2030 de l&#8217;ONU<\/td>\n<\/tr>\n<tr class=\"row-6\">\n\t<td class=\"column-1\">animale da assistenza<\/td><td class=\"column-2\">animal d&#8217;assistance<\/td>\n<\/tr>\n<tr class=\"row-7\">\n\t<td class=\"column-1\">autodeterminazione<\/td><td class=\"column-2\">autod\u00e9termination<\/td>\n<\/tr>\n<tr class=\"row-8\">\n\t<td class=\"column-1\">autorappresentanza<\/td><td class=\"column-2\">autorepr\u00e9sentation<\/td>\n<\/tr>\n<tr class=\"row-9\">\n\t<td class=\"column-1\">barriere<\/td><td class=\"column-2\">barri\u00e8res<\/td>\n<\/tr>\n<tr class=\"row-10\">\n\t<td class=\"column-1\">convenzione ONU sui diritti delle persone con disabilit\u00e0 <\/td><td class=\"column-2\">convention de l&#8217;ONU relative aux droits des personnes handicap\u00e9es <\/td>\n<\/tr>\n<tr class=\"row-11\">\n\t<td class=\"column-1\">classificazione internazionale del funzionamento della disabilit\u00e0 e della salute (ICF)<\/td><td class=\"column-2\">classification internationale du handicap, du fonctionnement et de la sant\u00e9 (CIF)<\/td>\n<\/tr>\n<tr class=\"row-12\">\n\t<td class=\"column-1\">diagnosi relative alla sfera psichica<\/td><td class=\"column-2\">diagnostics li\u00e9s au psychisme<\/td>\n<\/tr>\n<tr class=\"row-13\">\n\t<td class=\"column-1\">diagnosi relative all\u2019apparato locomotore<\/td><td class=\"column-2\">diagnostics relatifs \u00e0 l&#8217;appareil locomoteur<\/td>\n<\/tr>\n<tr class=\"row-14\">\n\t<td class=\"column-1\">disability manager<\/td><td class=\"column-2\">disability manager<\/td>\n<\/tr>\n<tr class=\"row-15\">\n\t<td class=\"column-1\">discriminazione basata sulla disabilit\u00e0<\/td><td class=\"column-2\">discrimination fond\u00e9e sur le handicap<\/td>\n<\/tr>\n<tr class=\"row-16\">\n\t<td class=\"column-1\">disturbi del neurosviluppo &#8211; disabilit\u00e0 \u2013 DSA<\/td><td class=\"column-2\">troubles neurod\u00e9veloppementaux &#8211; handicap &#8211; DSA<\/td>\n<\/tr>\n<tr class=\"row-17\">\n\t<td class=\"column-1\">Disturbo da stress post-traumatico (PTSD)<\/td><td class=\"column-2\">trouble de stress post-traumatique (TSPT)<\/td>\n<\/tr>\n<tr class=\"row-18\">\n\t<td class=\"column-1\">diversamente abile<\/td><td class=\"column-2\">(personne \u00e0) capacit\u00e9s r\u00e9duites<\/td>\n<\/tr>\n<tr class=\"row-19\">\n\t<td class=\"column-1\">disabilit\u00e0 intellettiva<\/td><td class=\"column-2\">handicap intellectuel<\/td>\n<\/tr>\n<tr class=\"row-20\">\n\t<td class=\"column-1\">easy to read<\/td><td class=\"column-2\">facile \u00e0 lire<\/td>\n<\/tr>\n<tr class=\"row-21\">\n\t<td class=\"column-1\">empowerment<\/td><td class=\"column-2\">autonomisation<\/td>\n<\/tr>\n<tr class=\"row-22\">\n\t<td class=\"column-1\">facilitatori <\/td><td class=\"column-2\">facilitateurs <\/td>\n<\/tr>\n<tr class=\"row-23\">\n\t<td class=\"column-1\">ICF &#8211; classificazione internazionale del funzionamento della disabilit\u00e0 e della salute<\/td><td class=\"column-2\">CIF &#8211; Classification internationale du fonctionnement, du handicap et de la sant\u00e9<\/td>\n<\/tr>\n<tr class=\"row-24\">\n\t<td class=\"column-1\">inclusione<\/td><td class=\"column-2\">inclusion<\/td>\n<\/tr>\n<tr class=\"row-25\">\n\t<td class=\"column-1\">libert\u00e0 di espressione-opinione-accesso all\u2019informazione<\/td><td class=\"column-2\">libert\u00e9 d&#8217;expression-opinion-acc\u00e8s \u00e0 l&#8217;information<\/td>\n<\/tr>\n<tr class=\"row-26\">\n\t<td class=\"column-1\">linguaggio \u201cpeople first\u201d<\/td><td class=\"column-2\">langage orient\u00e9 patient<\/td>\n<\/tr>\n<tr class=\"row-27\">\n\t<td class=\"column-1\">modello della qualit\u00e0 della vita<\/td><td class=\"column-2\">mod\u00e8le de qualit\u00e9 de vie<\/td>\n<\/tr>\n<tr class=\"row-28\">\n\t<td class=\"column-1\">modello di approccio alla disabilit\u00e0<\/td><td class=\"column-2\">mod\u00e8le d&#8217;approche du handicap<\/td>\n<\/tr>\n<tr class=\"row-29\">\n\t<td class=\"column-1\">multi-discriminazione<\/td><td class=\"column-2\">multi-discrimination<\/td>\n<\/tr>\n<tr class=\"row-30\">\n\t<td class=\"column-1\">multi-stigma<\/td><td class=\"column-2\">stigmatisation multiple<\/td>\n<\/tr>\n<tr class=\"row-31\">\n\t<td class=\"column-1\">necessit\u00e0 di sostegno<\/td><td class=\"column-2\">besoin de soutien<\/td>\n<\/tr>\n<tr class=\"row-32\">\n\t<td class=\"column-1\">pari opportunit\u00e0<\/td><td class=\"column-2\">\u00e9galit\u00e9 des chances<\/td>\n<\/tr>\n<tr class=\"row-33\">\n\t<td class=\"column-1\">persone con disabilit\u00e0<\/td><td class=\"column-2\">personnes handicap\u00e9es<\/td>\n<\/tr>\n<tr class=\"row-34\">\n\t<td class=\"column-1\">persona con Alzheimer<\/td><td class=\"column-2\">personne atteinte de la maladie d&#8217;Alzheimer<\/td>\n<\/tr>\n<tr class=\"row-35\">\n\t<td class=\"column-1\">persona nello spettro autistico<\/td><td class=\"column-2\">personne sur le spectre de l&#8217;autisme<\/td>\n<\/tr>\n<tr class=\"row-36\">\n\t<td class=\"column-1\">persona con disabilit\u00e0 fisica o motoria <\/td><td class=\"column-2\">personne souffrant d&#8217;un handicap physique ou moteur <\/td>\n<\/tr>\n<tr class=\"row-37\">\n\t<td class=\"column-1\">persone rese vulnerabili<\/td><td class=\"column-2\">personnes rendues vuln\u00e9rables<\/td>\n<\/tr>\n<tr class=\"row-38\">\n\t<td class=\"column-1\">progettazione universale (convenzione ONU, all\u2019art. 4 \u201cObblighi generali\u201d)<\/td><td class=\"column-2\">conception universelle (Convention de l&#8217;ONU, article 4 &#8220;Obligations g\u00e9n\u00e9rales&#8221;)<\/td>\n<\/tr>\n<tr class=\"row-39\">\n\t<td class=\"column-1\">segregazione<\/td><td class=\"column-2\">s\u00e9gr\u00e9gation<\/td>\n<\/tr>\n<tr class=\"row-40\">\n\t<td class=\"column-1\">diversamente abile-diversabile <\/td><td class=\"column-2\">personnes \u00e0 capacit\u00e9s r\u00e9duites <\/td>\n<\/tr>\n<tr class=\"row-41\">\n\t<td class=\"column-1\">fragililit\u00e0<\/td><td class=\"column-2\">fragilit\u00e9<\/td>\n<\/tr>\n<\/tbody>\n<\/table>\n<!-- #tablepress-93 from cache -->","protected":false},"excerpt":{"rendered":"<p>Glossario di termini legati alla disabilit\u00e0 e l&#8217;inclusivit\u00e0, traduzione italiano-francese<\/p>\n","protected":false},"featured_media":1259,"template":"","categoria_glossario":[35,36,16],"class_list":["post-1258","glossari","type-glossari","status-publish","has-post-thumbnail","hentry","categoria_glossario-legale","categoria_glossario-medico-scientifico","categoria_glossario-tecnici-varie"],"aioseo_notices":[],"_links":{"self":[{"href":"https:\/\/www.lipsie.com\/it\/risorse-traduzioni\/wp-json\/wp\/v2\/glossari\/1258","targetHints":{"allow":["GET"]}}],"collection":[{"href":"https:\/\/www.lipsie.com\/it\/risorse-traduzioni\/wp-json\/wp\/v2\/glossari"}],"about":[{"href":"https:\/\/www.lipsie.com\/it\/risorse-traduzioni\/wp-json\/wp\/v2\/types\/glossari"}],"wp:featuredmedia":[{"embeddable":true,"href":"https:\/\/www.lipsie.com\/it\/risorse-traduzioni\/wp-json\/wp\/v2\/media\/1259"}],"wp:attachment":[{"href":"https:\/\/www.lipsie.com\/it\/risorse-traduzioni\/wp-json\/wp\/v2\/media?parent=1258"}],"wp:term":[{"taxonomy":"categoria_glossario","embeddable":true,"href":"https:\/\/www.lipsie.com\/it\/risorse-traduzioni\/wp-json\/wp\/v2\/categoria_glossario?post=1258"}],"curies":[{"name":"wp","href":"https:\/\/api.w.org\/{rel}","templated":true}]}}